{"version":"1.0","provider_name":"Reisemagazin AUSZEIT","provider_url":"https:\/\/www.ferienhausmiete.de\/blog","author_name":"Helena Maxim","author_url":"https:\/\/www.ferienhausmiete.de\/blog\/autor\/helena-maxim\/","title":"S\u00fcddalmatien entdecken \u2013 Wandern auf der Honiginsel Mljet","type":"rich","width":600,"height":338,"html":"<blockquote class=\"wp-embedded-content\" data-secret=\"sklTIu8T4M\"><a href=\"https:\/\/www.ferienhausmiete.de\/blog\/sueddalmatien-entdecken-wandern-auf-der-honiginsel-mljet\/\">S\u00fcddalmatien entdecken \u2013 Wandern auf der Honiginsel Mljet<\/a><\/blockquote><iframe sandbox=\"allow-scripts\" security=\"restricted\" src=\"https:\/\/www.ferienhausmiete.de\/blog\/sueddalmatien-entdecken-wandern-auf-der-honiginsel-mljet\/embed\/#?secret=sklTIu8T4M\" width=\"600\" height=\"338\" title=\"&#8222;S\u00fcddalmatien entdecken \u2013 Wandern auf der Honiginsel Mljet&#8220; &#8211; Reisemagazin AUSZEIT\" data-secret=\"sklTIu8T4M\" frameborder=\"0\" marginwidth=\"0\" marginheight=\"0\" scrolling=\"no\" class=\"wp-embedded-content\"><\/iframe><script>\n\/*! This file is auto-generated *\/\n!function(d,l){\"use strict\";l.querySelector&&d.addEventListener&&\"undefined\"!=typeof URL&&(d.wp=d.wp||{},d.wp.receiveEmbedMessage||(d.wp.receiveEmbedMessage=function(e){var t=e.data;if((t||t.secret||t.message||t.value)&&!\/[^a-zA-Z0-9]\/.test(t.secret)){for(var s,r,n,a=l.querySelectorAll('iframe[data-secret=\"'+t.secret+'\"]'),o=l.querySelectorAll('blockquote[data-secret=\"'+t.secret+'\"]'),c=new RegExp(\"^https?:$\",\"i\"),i=0;i<o.length;i++)o[i].style.display=\"none\";for(i=0;i<a.length;i++)s=a[i],e.source===s.contentWindow&&(s.removeAttribute(\"style\"),\"height\"===t.message?(1e3<(r=parseInt(t.value,10))?r=1e3:~~r<200&&(r=200),s.height=r):\"link\"===t.message&&(r=new URL(s.getAttribute(\"src\")),n=new URL(t.value),c.test(n.protocol))&&n.host===r.host&&l.activeElement===s&&(d.top.location.href=t.value))}},d.addEventListener(\"message\",d.wp.receiveEmbedMessage,!1),l.addEventListener(\"DOMContentLoaded\",function(){for(var e,t,s=l.querySelectorAll(\"iframe.wp-embedded-content\"),r=0;r<s.length;r++)(t=(e=s[r]).getAttribute(\"data-secret\"))||(t=Math.random().toString(36).substring(2,12),e.src+=\"#?secret=\"+t,e.setAttribute(\"data-secret\",t)),e.contentWindow.postMessage({message:\"ready\",secret:t},\"*\")},!1)))}(window,document);\n\/\/# sourceURL=https:\/\/www.ferienhausmiete.de\/blog\/wp-includes\/js\/wp-embed.min.js\n<\/script>\n","thumbnail_url":"https:\/\/www.ferienhausmiete.de\/blog\/wp-content\/uploads\/2020\/06\/Titelbild-2-_mlejt.jpg","thumbnail_width":1129,"thumbnail_height":753,"description":"Wandern in lichten Kiefernw\u00e4ldern, an alten Eichenhainen vorbei \u2013 hier und da glitzert das t\u00fcrkise Meer zwischen den harzigen Baumst\u00e4mmen und Bienen summen um die am Wegesrand wachsenden Kr\u00e4uter und violetten Orchideenbl\u00fcten herum. Eine tiefe Stille erf\u00fcllt die von den mediterranen D\u00fcften ges\u00e4ttigte Luft und eine k\u00fchle Brise weht vom nahen Meer heran. Wir wandern [&hellip;]"}